{"id":249,"date":"2018-02-09T19:23:07","date_gmt":"2018-02-09T21:23:07","guid":{"rendered":"http:\/\/www.portalalianca.com.br\/?page_id=249"},"modified":"2020-02-06T11:11:43","modified_gmt":"2020-02-06T14:11:43","slug":"proposta-pedagogica","status":"publish","type":"page","link":"http:\/\/www.portalalianca.com.br\/index.php\/proposta-pedagogica\/","title":{"rendered":"Proposta Pedag\u00f3gica"},"content":{"rendered":"\t\t<div data-elementor-type=\"wp-page\" data-elementor-id=\"249\" class=\"elementor elementor-249 elementor-bc-flex-widget\" data-elementor-post-type=\"page\">\n\t\t\t\t\t\t\t\t\t<section class=\"elementor-section elementor-top-section elementor-element elementor-element-7ae0eafe elementor-section-height-min-height elementor-section-full_width elementor-section-height-default elementor-section-items-middle\" data-id=\"7ae0eafe\" data-element_type=\"section\" data-settings=\"{&quot;background_background&quot;:&quot;classic&quot;}\">\n\t\t\t\t\t\t\t<div class=\"elementor-background-overlay\"><\/div>\n\t\t\t\t\t\t\t<div class=\"elementor-container elementor-column-gap-default\">\n\t\t\t\t\t<div class=\"elementor-column elementor-col-100 elementor-top-column elementor-element elementor-element-410d990\" data-id=\"410d990\" data-element_type=\"column\">\n\t\t\t<div class=\"elementor-widget-wrap elementor-element-populated\">\n\t\t\t\t\t\t\t\t<div class=\"elementor-element elementor-element-5164f1ab elementor-widget elementor-widget-heading\" data-id=\"5164f1ab\" data-element_type=\"widget\" data-widget_type=\"heading.default\">\n\t\t\t\t<div class=\"elementor-widget-container\">\n\t\t\t<h2 class=\"elementor-heading-title elementor-size-default\">PROPOSTA PEDAG\u00d3GICA<\/h2>\t\t<\/div>\n\t\t\t\t<\/div>\n\t\t\t\t\t<\/div>\n\t\t<\/div>\n\t\t\t\t\t\t\t<\/div>\n\t\t<\/section>\n\t\t\t\t<section class=\"elementor-section elementor-top-section elementor-element elementor-element-d9fdb18 elementor-section-boxed elementor-section-height-default elementor-section-height-default\" data-id=\"d9fdb18\" data-element_type=\"section\" data-settings=\"{&quot;background_background&quot;:&quot;classic&quot;}\">\n\t\t\t\t\t\t<div class=\"elementor-container elementor-column-gap-default\">\n\t\t\t\t\t<div class=\"elementor-column elementor-col-50 elementor-top-column elementor-element elementor-element-8267186\" data-id=\"8267186\" data-element_type=\"column\">\n\t\t\t<div class=\"elementor-widget-wrap elementor-element-populated\">\n\t\t\t\t\t\t\t\t<div class=\"elementor-element elementor-element-8d8c036 elementor-widget elementor-widget-heading\" data-id=\"8d8c036\" data-element_type=\"widget\" data-widget_type=\"heading.default\">\n\t\t\t\t<div class=\"elementor-widget-container\">\n\t\t\t<h2 class=\"elementor-heading-title elementor-size-default\">Nossa Proposta<\/h2>\t\t<\/div>\n\t\t\t\t<\/div>\n\t\t\t\t<div class=\"elementor-element elementor-element-063c484 elementor-widget elementor-widget-text-editor\" data-id=\"063c484\" data-element_type=\"widget\" data-widget_type=\"text-editor.default\">\n\t\t\t\t<div class=\"elementor-widget-container\">\n\t\t\t\t\t\t\t<p>\u201cO que a crian\u00e7a \u00e9 capaz de fazer hoje, em colabora\u00e7\u00e3o, ela ser\u00e1 capaz de fazer amanh\u00e3, de forma independente.\u201d (Vygotsky)<\/p><p>\u00a0 \u00a0 Para o Col\u00e9gio Alian\u00e7a, construir conhecimentos implica com uma a\u00e7\u00e3o sempre mediada, j\u00e1 que \u00e9 atrav\u00e9s dos outros, que as rela\u00e7\u00f5es entre sujeito e objeto do conhecimento s\u00e3o partilhadas. A orienta\u00e7\u00e3o s\u00f3cio-interacionista prop\u00f5e reflex\u00f5es \u00fateis a uma pr\u00e1tica educativa que tem como objetivo promover as intermedia\u00e7\u00f5es do conhecimento c estimular o avan\u00e7o do aluno.<\/p><p>\u00a0\u00a0\u00a0 O educador e um agente mediador do processo ensino-aprendizagem e est\u00e1 media\u00e7\u00e3o \u00e9 feita atrav\u00e9s de propostas desafiadoras. Os alunos podem contar com sua ajuda, pistas, atividades cm duplas e grupos onde os que sentem preparados, poder\u00e3o ajudar os demais. Com suas interven\u00e7\u00f5es, o educador contribui para o fortalecimento de fun\u00e7\u00f5es ainda n\u00e3o consolidadas ou para a abertura de zonas de desenvolvimento proximal (dist\u00e2ncia entre o desenvolvimento real e o potencial, que est\u00e1 pr\u00f3ximo, mas que ainda n\u00e3o foi atingido). Nesta perspectiva, rompe-se com a premissa de que o aluno deve, sozinho, descobrir suas respostas porque a aprendizagem c resultante de uma atividade individual, basicamente intrapessoal. Ao contr\u00e1rio, acredita-se que tudo que o aluno realiza hoje com a ajuda dos demais estar\u00e1 realizando sozinho amanh\u00e3.<\/p><p>\u00a0\u00a0\u00a0\u00a0 O professor poder\u00e1 avaliar, durante o processo, n\u00e3o somente o n\u00edvel das propostas que est\u00e3o sendo feitas, mas sobretudo o n\u00edvel de desenvolvimento real do aluno (revelado atrav\u00e9s da produ\u00e7\u00e3o independente) bem como o seu n\u00edvel de desenvolvimento proximal (onda necessita de ajuda). Chega-se, assim a um conhecimento muito maior de sua realidade, do &#8220;curso interno de seu desenvolvimento&#8221;<\/p>\t\t\t\t\t\t<\/div>\n\t\t\t\t<\/div>\n\t\t\t\t\t<\/div>\n\t\t<\/div>\n\t\t\t\t<div class=\"elementor-column elementor-col-50 elementor-top-column elementor-element elementor-element-9c475c9\" data-id=\"9c475c9\" data-element_type=\"column\">\n\t\t\t<div class=\"elementor-widget-wrap elementor-element-populated\">\n\t\t\t\t\t\t\t\t<div class=\"elementor-element elementor-element-4fcb482 elementor-widget elementor-widget-image\" data-id=\"4fcb482\" data-element_type=\"widget\" data-widget_type=\"image.default\">\n\t\t\t\t<div class=\"elementor-widget-container\">\n\t\t\t\t\t\t\t\t\t\t\t\t\t\t\t<img decoding=\"async\" loading=\"lazy\" width=\"160\" height=\"167\" src=\"http:\/\/www.portalalianca.com.br\/wp-content\/uploads\/2018\/02\/src-icon_160.png\" class=\"attachment-large size-large wp-image-294\" alt=\"\" \/>\t\t\t\t\t\t\t\t\t\t\t\t\t\t\t<\/div>\n\t\t\t\t<\/div>\n\t\t\t\t\t<\/div>\n\t\t<\/div>\n\t\t\t\t\t\t\t<\/div>\n\t\t<\/section>\n\t\t\t\t\t\t\t<\/div>\n\t\t","protected":false},"excerpt":{"rendered":"<p>PROPOSTA PEDAG\u00d3GICA Nossa Proposta \u201cO que a crian\u00e7a \u00e9 capaz de fazer hoje, em colabora\u00e7\u00e3o, ela ser\u00e1 capaz de fazer amanh\u00e3, de forma independente.\u201d (Vygotsky) \u00a0 \u00a0 Para o Col\u00e9gio Alian\u00e7a, construir conhecimentos implica com uma a\u00e7\u00e3o sempre mediada, j\u00e1 que \u00e9 atrav\u00e9s dos outros, que as rela\u00e7\u00f5es entre sujeito e objeto do conhecimento s\u00e3o &#8230; <a title=\"Proposta Pedag\u00f3gica\" class=\"read-more\" href=\"http:\/\/www.portalalianca.com.br\/index.php\/proposta-pedagogica\/\" aria-label=\"More on Proposta Pedag\u00f3gica\">Ler mais<\/a><\/p>\n","protected":false},"author":1,"featured_media":0,"parent":0,"menu_order":0,"comment_status":"closed","ping_status":"closed","template":"","meta":{"footnotes":""},"_links":{"self":[{"href":"http:\/\/www.portalalianca.com.br\/index.php\/wp-json\/wp\/v2\/pages\/249"}],"collection":[{"href":"http:\/\/www.portalalianca.com.br\/index.php\/wp-json\/wp\/v2\/pages"}],"about":[{"href":"http:\/\/www.portalalianca.com.br\/index.php\/wp-json\/wp\/v2\/types\/page"}],"author":[{"embeddable":true,"href":"http:\/\/www.portalalianca.com.br\/index.php\/wp-json\/wp\/v2\/users\/1"}],"replies":[{"embeddable":true,"href":"http:\/\/www.portalalianca.com.br\/index.php\/wp-json\/wp\/v2\/comments?post=249"}],"version-history":[{"count":9,"href":"http:\/\/www.portalalianca.com.br\/index.php\/wp-json\/wp\/v2\/pages\/249\/revisions"}],"predecessor-version":[{"id":2837,"href":"http:\/\/www.portalalianca.com.br\/index.php\/wp-json\/wp\/v2\/pages\/249\/revisions\/2837"}],"wp:attachment":[{"href":"http:\/\/www.portalalianca.com.br\/index.php\/wp-json\/wp\/v2\/media?parent=249"}],"curies":[{"name":"wp","href":"https:\/\/api.w.org\/{rel}","templated":true}]}}