{"id":153,"date":"2018-02-08T23:05:35","date_gmt":"2018-02-09T01:05:35","guid":{"rendered":"http:\/\/www.portalalianca.com.br\/?page_id=153"},"modified":"2020-02-07T10:40:36","modified_gmt":"2020-02-07T13:40:36","slug":"calendario-letivo","status":"publish","type":"page","link":"http:\/\/www.portalalianca.com.br\/index.php\/calendario-letivo\/","title":{"rendered":"Calend\u00e1rio Letivo"},"content":{"rendered":"\t\t<div data-elementor-type=\"wp-page\" data-elementor-id=\"153\" class=\"elementor elementor-153\" data-elementor-post-type=\"page\">\n\t\t\t\t\t\t\t\t\t<section class=\"elementor-section elementor-top-section elementor-element elementor-element-39ae6c43 elementor-section-height-min-height elementor-section-boxed elementor-section-height-default elementor-section-items-middle\" data-id=\"39ae6c43\" data-element_type=\"section\" data-settings=\"{&quot;background_background&quot;:&quot;classic&quot;}\">\n\t\t\t\t\t\t\t<div class=\"elementor-background-overlay\"><\/div>\n\t\t\t\t\t\t\t<div class=\"elementor-container elementor-column-gap-default\">\n\t\t\t\t\t<div class=\"elementor-column elementor-col-100 elementor-top-column elementor-element elementor-element-16e7882d\" data-id=\"16e7882d\" data-element_type=\"column\">\n\t\t\t<div class=\"elementor-widget-wrap elementor-element-populated\">\n\t\t\t\t\t\t\t\t<div class=\"elementor-element elementor-element-49a52b72 elementor-widget elementor-widget-heading\" data-id=\"49a52b72\" data-element_type=\"widget\" data-widget_type=\"heading.default\">\n\t\t\t\t<div class=\"elementor-widget-container\">\n\t\t\t<h2 class=\"elementor-heading-title elementor-size-default\">CALEND\u00c1RIO LETIVO<\/h2>\t\t<\/div>\n\t\t\t\t<\/div>\n\t\t\t\t\t<\/div>\n\t\t<\/div>\n\t\t\t\t\t\t\t<\/div>\n\t\t<\/section>\n\t\t\t\t<section class=\"elementor-section elementor-top-section elementor-element elementor-element-1f8b577 elementor-section-content-top elementor-section-boxed elementor-section-height-default elementor-section-height-default\" data-id=\"1f8b577\" data-element_type=\"section\" data-settings=\"{&quot;background_background&quot;:&quot;classic&quot;}\">\n\t\t\t\t\t\t<div class=\"elementor-container elementor-column-gap-default\">\n\t\t\t\t\t<div class=\"elementor-column elementor-col-100 elementor-top-column elementor-element elementor-element-b297223\" data-id=\"b297223\" data-element_type=\"column\">\n\t\t\t<div class=\"elementor-widget-wrap elementor-element-populated\">\n\t\t\t\t\t\t\t\t<div class=\"elementor-element elementor-element-70a8908 elementor-widget elementor-widget-text-editor\" data-id=\"70a8908\" data-element_type=\"widget\" data-widget_type=\"text-editor.default\">\n\t\t\t\t<div class=\"elementor-widget-container\">\n\t\t\t\t\t\t\t<h4>\u00a0Sistema de divis\u00e3o do tempo que considera o ano letivo e estabelece os per\u00edodos de aula, de recesso e outras identifica\u00e7\u00f5es julgadas convenientes, tendo em vista o interesse do processo educacional e o disposto no projeto pedag\u00f3gico.<\/h4><p>\u00a0<\/p>\t\t\t\t\t\t<\/div>\n\t\t\t\t<\/div>\n\t\t\t\t<div class=\"elementor-element elementor-element-1fdcb20d elementor-view-framed animated-slow elementor-shape-circle elementor-position-top elementor-mobile-position-top elementor-invisible elementor-widget elementor-widget-icon-box\" data-id=\"1fdcb20d\" data-element_type=\"widget\" data-settings=\"{&quot;_animation&quot;:&quot;fadeIn&quot;}\" data-widget_type=\"icon-box.default\">\n\t\t\t\t<div class=\"elementor-widget-container\">\n\t\t\t\t\t<div class=\"elementor-icon-box-wrapper\">\n\t\t\t\t\t\t<div class=\"elementor-icon-box-icon\">\n\t\t\t\t<a href=\"https:\/\/drive.google.com\/u\/0\/uc?id=1B4Pb5NAQRB7-HPmRh_8ZivxLuqKtYCMe&#038;export=download\" class=\"elementor-icon elementor-animation-shrink\" tabindex=\"-1\">\n\t\t\t\t<i aria-hidden=\"true\" class=\"fas fa-calendar-alt\"><\/i>\t\t\t\t<\/a>\n\t\t\t<\/div>\n\t\t\t\t\t\t<div class=\"elementor-icon-box-content\">\n\t\t\t\t<h3 class=\"elementor-icon-box-title\">\n\t\t\t\t\t<a href=\"https:\/\/drive.google.com\/u\/0\/uc?id=1B4Pb5NAQRB7-HPmRh_8ZivxLuqKtYCMe&#038;export=download\" >\n\t\t\t\t\t\tCalend\u00e1rio Letivo\t\t\t\t\t<\/a>\n\t\t\t\t<\/h3>\n\t\t\t\t\t\t\t<\/div>\n\t\t<\/div>\n\t\t\t\t<\/div>\n\t\t\t\t<\/div>\n\t\t\t\t\t<\/div>\n\t\t<\/div>\n\t\t\t\t\t\t\t<\/div>\n\t\t<\/section>\n\t\t\t\t\t\t\t<\/div>\n\t\t","protected":false},"excerpt":{"rendered":"<p>CALEND\u00c1RIO LETIVO \u00a0Sistema de divis\u00e3o do tempo que considera o ano letivo e estabelece os per\u00edodos de aula, de recesso e outras identifica\u00e7\u00f5es julgadas convenientes, tendo em vista o interesse do processo educacional e o disposto no projeto pedag\u00f3gico. \u00a0 Calend\u00e1rio Letivo<\/p>\n","protected":false},"author":1,"featured_media":0,"parent":0,"menu_order":0,"comment_status":"closed","ping_status":"closed","template":"","meta":{"footnotes":""},"_links":{"self":[{"href":"http:\/\/www.portalalianca.com.br\/index.php\/wp-json\/wp\/v2\/pages\/153"}],"collection":[{"href":"http:\/\/www.portalalianca.com.br\/index.php\/wp-json\/wp\/v2\/pages"}],"about":[{"href":"http:\/\/www.portalalianca.com.br\/index.php\/wp-json\/wp\/v2\/types\/page"}],"author":[{"embeddable":true,"href":"http:\/\/www.portalalianca.com.br\/index.php\/wp-json\/wp\/v2\/users\/1"}],"replies":[{"embeddable":true,"href":"http:\/\/www.portalalianca.com.br\/index.php\/wp-json\/wp\/v2\/comments?post=153"}],"version-history":[{"count":9,"href":"http:\/\/www.portalalianca.com.br\/index.php\/wp-json\/wp\/v2\/pages\/153\/revisions"}],"predecessor-version":[{"id":2885,"href":"http:\/\/www.portalalianca.com.br\/index.php\/wp-json\/wp\/v2\/pages\/153\/revisions\/2885"}],"wp:attachment":[{"href":"http:\/\/www.portalalianca.com.br\/index.php\/wp-json\/wp\/v2\/media?parent=153"}],"curies":[{"name":"wp","href":"https:\/\/api.w.org\/{rel}","templated":true}]}}